{"id":612,"date":"2025-08-07T14:46:08","date_gmt":"2025-08-07T21:46:08","guid":{"rendered":"https:\/\/blogs.oregonstate.edu\/opecenespanol\/?page_id=612"},"modified":"2026-03-10T15:56:22","modified_gmt":"2026-03-10T22:56:22","slug":"inicio-x","status":"publish","type":"page","link":"https:\/\/blogs.oregonstate.edu\/opecenespanol\/","title":{"rendered":"OPEC en espa\u00f1ol"},"content":{"rendered":"\n<h2 class=\"wp-block-heading has-light-gray-background-color has-background\">Un mensaje de apoyo y solidaridad para los educadores de padres y las familias en torno a las preocupaciones relacionadas con la inmigraci\u00f3n.<\/h2>\n\n\n\n<figure class=\"wp-block-pullquote has-text-align-left has-black-color has-light-gray-background-color has-text-color has-background has-link-color has-small-font-size wp-elements-132209befe8eb3202a3edaa0cbcffc7b\"><blockquote><p><strong>Estimada comunidad:<\/strong><br \/><br \/>Queremos comenzar envi\u00e1ndoles un cordial saludo y reconociendo, con profundo inter\u00e9s, que muchas familias en nuestras comunidades pueden estar sintiendo nerviosismo, estr\u00e9s, o incertidumbre debido a recientes situaciones relacionadas con la inmigraci\u00f3n. Entendemos que las noticias y los eventos actuales pueden generar miedo y ansiedad en familias de todos los estatus migratorios, tanto por la seguridad de la comunidad como por la preocupaci\u00f3n y el cuidado hacia sus amigos, familiares, vecinos y dem\u00e1s miembros de la comunidad. Estos momentos pueden sentirse especialmente dif\u00edciles para los padres y cuidadores, quienes hacen su mejor esfuerzo por mantenerse fuertes para sus hijos mientras lidian con cuestiones de seguridad, confusi\u00f3n, miedo y lo desconocido.<br \/><br \/>Tambi\u00e9n reconocemos que el peso emocional de estos tiempos nos afecta a todos: tanto a quienes trabajamos directamente con las familias como a quienes brindan apoyo desde detr\u00e1s de escena. Queremos recordarles que no est\u00e1n solos. Como profesionales que atienden a familias que tambi\u00e9n pueden estar experimentando estos mismos sentimientos, queremos recordarles que sus emociones son v\u00e1lidas y que no tienen que cargarlas solas. Estamos aqu\u00ed con ustedes, y forman parte de una comunidad que se preocupa profundamente y desea apoyarlos.<br \/><br \/>Mantenernos conectados, apoyarnos mutuamente y compartir lo que sabemos, as\u00ed como recursos confiables, ayuda a fortalecer a toda nuestra comunidad. Sabemos que este trabajo puede ser emocionalmente exigente, y apreciamos profundamente su dedicaci\u00f3n, compasi\u00f3n y resiliencia.<br \/>\u00a0<br \/>Dentro de esta red, invitamos a cada uno de nosotros \u2014educadores de padres, coordinadores, directores y socios\u2014 a unirnos y apoyarnos mutuamente mientras guiamos y animamos a los padres y cuidadores, ayud\u00e1ndoles a sentirse m\u00e1s seguros, capaces y respaldados en su esfuerzo por ser los padres que desean ser.<br \/><br \/>Para ayudar a nuestra comunidad a mantenerse informada y recibir apoyo, compartimos una serie de recursos confiables disponibles en ingl\u00e9s y espa\u00f1ol, incluida una lista de libros infantiles sobre la deportaci\u00f3n y la detenci\u00f3n: <br \/><a href=\"https:\/\/nam04.safelinks.protection.outlook.com\/?url=https%3A%2F%2Fdelcnews.org%2F2025%2F02%2F05%2Foregon-sanctuary-laws-early-learning-resources%2F&amp;data=05%7C02%7Camanda.casian%40oregonstate.edu%7Cfdd221a4ed944b49cb3e08de2cbc4c1b%7Cce6d05e13c5e4d6287a84c4a2713c113%7C0%7C0%7C638997384417863984%7CUnknown%7CTWFpbGZsb3d8eyJFbXB0eU1hcGkiOnRydWUsIlYiOiIwLjAuMDAwMCIsIlAiOiJXaW4zMiIsIkFOIjoiTWFpbCIsIldUIjoyfQ%3D%3D%7C0%7C%7C%7C&amp;sdata=DfEzjlJZovlys%2FJiyd1pMqYcU9pHgqLVAHsT7bYbzfs%3D&amp;reserved=0\"><br \/>OREGON SANCTUARY LAWS AND EARLY LEARNING RESOURCES (DELC)<\/a><br \/><a href=\"https:\/\/nam04.safelinks.protection.outlook.com\/?url=https%3A%2F%2Flinktr.ee%2FECimmigrationtoolkit&amp;data=05%7C02%7Camanda.casian%40oregonstate.edu%7Cfdd221a4ed944b49cb3e08de2cbc4c1b%7Cce6d05e13c5e4d6287a84c4a2713c113%7C0%7C0%7C638997384417897538%7CUnknown%7CTWFpbGZsb3d8eyJFbXB0eU1hcGkiOnRydWUsIlYiOiIwLjAuMDAwMCIsIlAiOiJXaW4zMiIsIkFOIjoiTWFpbCIsIldUIjoyfQ%3D%3D%7C0%7C%7C%7C&amp;sdata=6hx70HYIbdPuHzSveo3THfywaTP%2Bued7gimyQWqTVfs%3D&amp;reserved=0\">EARLY CHILDHOOD IMMIGRATION TOOLKIT (STARTEARLY)<\/a><br \/><a href=\"https:\/\/nam04.safelinks.protection.outlook.com\/?url=https%3A%2F%2Fwww.usa.gov%2Fes%2F&amp;data=05%7C02%7Camanda.casian%40oregonstate.edu%7Cfdd221a4ed944b49cb3e08de2cbc4c1b%7Cce6d05e13c5e4d6287a84c4a2713c113%7C0%7C0%7C638997384417916965%7CUnknown%7CTWFpbGZsb3d8eyJFbXB0eU1hcGkiOnRydWUsIlYiOiIwLjAuMDAwMCIsIlAiOiJXaW4zMiIsIkFOIjoiTWFpbCIsIldUIjoyfQ%3D%3D%7C0%7C%7C%7C&amp;sdata=aAn3aE8AWErRL1ByLLwBfX4sH6QTDod83YA7oKOc2uU%3D&amp;reserved=0\">INFORMACI\u00d3N DEL GOBIERNO DE ESTADOS UNIDOS A SU ALCANCE (USA.GOV EN ESPA\u00d1OL)<\/a><br \/><a href=\"https:\/\/nam04.safelinks.protection.outlook.com\/?url=https%3A%2F%2Flocator.ice.gov%2Fodls%2F%23%2Fsearch&amp;data=05%7C02%7Camanda.casian%40oregonstate.edu%7Cfdd221a4ed944b49cb3e08de2cbc4c1b%7Cce6d05e13c5e4d6287a84c4a2713c113%7C0%7C0%7C638997384417933768%7CUnknown%7CTWFpbGZsb3d8eyJFbXB0eU1hcGkiOnRydWUsIlYiOiIwLjAuMDAwMCIsIlAiOiJXaW4zMiIsIkFOIjoiTWFpbCIsIldUIjoyfQ%3D%3D%7C0%7C%7C%7C&amp;sdata=KnsBXAmnJ4obsbzuQdC8eoBK%2BRjQd%2FjPND7g65jryKU%3D&amp;reserved=0\">ONLINE DETAINEE LOCATOR SYSTEM (ENGLISH\/SPANISH; U.S. IMMIGRATION AND CUSTOMS ENFORCEMENT)<\/a><br \/>\u00a0<br \/><em>Esta es solo una lista inicial, un primer esfuerzo que le invitamos a ayudarnos a ampliar. Estamos trabajando activamente para crear una colecci\u00f3n m\u00e1s completa de herramientas e informaci\u00f3n con el fin de ofrecerle un mejor apoyo a usted y a las familias a las que apoyamos. Si desea compartir recursos, ofrecer sugerencias o contribuir de cualquier otra forma, no dude en enviarnos un correo electr\u00f3nico a uno de nosotros o a <a href=\"mailto:opec@oregonstate.edu\">opec@oregonstate.edu<\/a> y a\u00f1adiremos sus recursos a nuestra lista en constante crecimiento.<br \/>\u00a0<br \/>Por favor, recuerden que estamos todos juntos en esto. Vemos la fortaleza y la resiliencia dentro de nuestra comunidad de OPEC, y estamos profundamente agradecidos por la forma en que contin\u00faan apoy\u00e1ndose unos a otros: compartiendo informaci\u00f3n, preocup\u00e1ndose por las familias y creando espacios donde las personas se sienten escuchadas y comprendidas. Su cuidado, paciencia y presencia marcan la diferencia. Cada contribuci\u00f3n, ya sea compartir un recurso, ofrecer orientaci\u00f3n o apoyar a una familia, puede marcar una diferencia significativa. No hay actos insignificantes cuando se trata de ayudar a las familias a sentirse seguras, apoyadas y cuidadas.<br \/>\u00a0<br \/>Con agradecimiento, solidaridad y cari\u00f1o,<br \/>\u00a0<br \/>\u00a0El equipo de OSU-OPEC<\/em><\/p><\/blockquote><\/figure>\n\n\n\n<details class=\"wp-block-details is-layout-flow wp-block-details-is-layout-flow\"><summary><strong>Libros infantiles sobre deportaciones y detenciones&nbsp;<\/strong><\/summary>\n<p><\/p>\n<\/details>\n\n\n\n<div class=\"wp-block-columns is-layout-flex wp-container-core-columns-is-layout-9d6595d7 wp-block-columns-is-layout-flex\">\n<div class=\"wp-block-column is-layout-flow wp-block-column-is-layout-flow\" style=\"flex-basis:100%\">\n<figure class=\"wp-block-gallery has-nested-images columns-default is-cropped wp-block-gallery-1 is-layout-flex wp-block-gallery-is-layout-flex\">\n<figure class=\"wp-block-image size-full\"><img loading=\"lazy\" decoding=\"async\" width=\"200\" height=\"200\" data-id=\"990\" src=\"https:\/\/osu-wams-blogs-uploads.s3.amazonaws.com\/blogs.dir\/7986\/files\/2025\/12\/Image-1.jpeg\" alt=\"\" class=\"wp-image-990\" srcset=\"https:\/\/osu-wams-blogs-uploads.s3.amazonaws.com\/blogs.dir\/7986\/files\/2025\/12\/Image-1.jpeg 200w, https:\/\/osu-wams-blogs-uploads.s3.amazonaws.com\/blogs.dir\/7986\/files\/2025\/12\/Image-1-150x150.jpeg 150w\" sizes=\"auto, (max-width: 200px) 100vw, 200px\" \/><\/figure>\n\n\n\n<figure class=\"wp-block-image size-full\"><img loading=\"lazy\" decoding=\"async\" width=\"300\" height=\"296\" data-id=\"986\" src=\"https:\/\/osu-wams-blogs-uploads.s3.amazonaws.com\/blogs.dir\/7986\/files\/2025\/12\/Image-5.jpeg\" alt=\"\" class=\"wp-image-986\" \/><figcaption class=\"wp-element-caption\">Until someone listens <br \/>by, Estela Juarez <\/figcaption><\/figure>\n\n\n\n<figure class=\"wp-block-image size-full\"><img loading=\"lazy\" decoding=\"async\" width=\"218\" height=\"218\" data-id=\"985\" src=\"https:\/\/osu-wams-blogs-uploads.s3.amazonaws.com\/blogs.dir\/7986\/files\/2025\/12\/Image-6.jpeg\" alt=\"\" class=\"wp-image-985\" srcset=\"https:\/\/osu-wams-blogs-uploads.s3.amazonaws.com\/blogs.dir\/7986\/files\/2025\/12\/Image-6.jpeg 218w, https:\/\/osu-wams-blogs-uploads.s3.amazonaws.com\/blogs.dir\/7986\/files\/2025\/12\/Image-6-150x150.jpeg 150w\" sizes=\"auto, (max-width: 218px) 100vw, 218px\" \/><figcaption class=\"wp-element-caption\">Mama\u2019s nightingale: A story of immigration and separation por Edwidge Danticat <\/figcaption><\/figure>\n\n\n\n<figure class=\"wp-block-image size-full\"><img loading=\"lazy\" decoding=\"async\" width=\"342\" height=\"441\" data-id=\"989\" src=\"https:\/\/osu-wams-blogs-uploads.s3.amazonaws.com\/blogs.dir\/7986\/files\/2025\/12\/Image.jpeg\" alt=\"\" class=\"wp-image-989\" srcset=\"https:\/\/osu-wams-blogs-uploads.s3.amazonaws.com\/blogs.dir\/7986\/files\/2025\/12\/Image.jpeg 342w, https:\/\/osu-wams-blogs-uploads.s3.amazonaws.com\/blogs.dir\/7986\/files\/2025\/12\/Image-233x300.jpeg 233w\" sizes=\"auto, (max-width: 342px) 100vw, 342px\" \/><figcaption class=\"wp-element-caption\">Ojal\u00e1 supieras <br \/>Por, Jackie Azua Kramer<\/figcaption><\/figure>\n\n\n\n<figure class=\"wp-block-image size-full\"><img loading=\"lazy\" decoding=\"async\" width=\"300\" height=\"389\" data-id=\"988\" src=\"https:\/\/osu-wams-blogs-uploads.s3.amazonaws.com\/blogs.dir\/7986\/files\/2025\/12\/Image-3.jpeg\" alt=\"\" class=\"wp-image-988\" srcset=\"https:\/\/osu-wams-blogs-uploads.s3.amazonaws.com\/blogs.dir\/7986\/files\/2025\/12\/Image-3.jpeg 300w, https:\/\/osu-wams-blogs-uploads.s3.amazonaws.com\/blogs.dir\/7986\/files\/2025\/12\/Image-3-231x300.jpeg 231w\" sizes=\"auto, (max-width: 300px) 100vw, 300px\" \/><figcaption class=\"wp-element-caption\">I wish you knew   <br \/>By, Jackie Azua Kramer<\/figcaption><\/figure>\n\n\n\n<figure class=\"wp-block-image size-full\"><img loading=\"lazy\" decoding=\"async\" width=\"200\" height=\"200\" data-id=\"987\" src=\"https:\/\/osu-wams-blogs-uploads.s3.amazonaws.com\/blogs.dir\/7986\/files\/2025\/12\/Image-2.jpeg\" alt=\"\" class=\"wp-image-987\" srcset=\"https:\/\/osu-wams-blogs-uploads.s3.amazonaws.com\/blogs.dir\/7986\/files\/2025\/12\/Image-2.jpeg 200w, https:\/\/osu-wams-blogs-uploads.s3.amazonaws.com\/blogs.dir\/7986\/files\/2025\/12\/Image-2-150x150.jpeg 150w\" sizes=\"auto, (max-width: 200px) 100vw, 200px\" \/><figcaption class=\"wp-element-caption\">Algo le pas\u00f3 a mi pap\u00e1<br \/>Por, Vivianne Aponte Rivera y Ann Hazzard <\/figcaption><\/figure>\n\n\n\n<figure class=\"wp-block-image size-full\"><img loading=\"lazy\" decoding=\"async\" width=\"211\" height=\"267\" data-id=\"977\" src=\"https:\/\/osu-wams-blogs-uploads.s3.amazonaws.com\/blogs.dir\/7986\/files\/2025\/12\/image-3.png\" alt=\"\" class=\"wp-image-977\" \/><figcaption class=\"wp-element-caption\">Something happened to my dad <br \/>By Vivianne Aponte Rivera y Ann Hazzard <\/figcaption><\/figure>\n\n\n\n<figure class=\"wp-block-image size-full\"><img loading=\"lazy\" decoding=\"async\" width=\"440\" height=\"342\" data-id=\"984\" src=\"https:\/\/osu-wams-blogs-uploads.s3.amazonaws.com\/blogs.dir\/7986\/files\/2025\/12\/Image-7.jpeg\" alt=\"\" class=\"wp-image-984\" srcset=\"https:\/\/osu-wams-blogs-uploads.s3.amazonaws.com\/blogs.dir\/7986\/files\/2025\/12\/Image-7.jpeg 440w, https:\/\/osu-wams-blogs-uploads.s3.amazonaws.com\/blogs.dir\/7986\/files\/2025\/12\/Image-7-300x233.jpeg 300w, https:\/\/osu-wams-blogs-uploads.s3.amazonaws.com\/blogs.dir\/7986\/files\/2025\/12\/Image-7-386x300.jpeg 386w\" sizes=\"auto, (max-width: 440px) 100vw, 440px\" \/><figcaption class=\"wp-element-caption\">Hear my voice compilado By Warren Binford para Project Amplify<\/figcaption><\/figure>\n\n\n\n<figure class=\"wp-block-image size-full\"><img loading=\"lazy\" decoding=\"async\" width=\"315\" height=\"260\" data-id=\"978\" src=\"https:\/\/osu-wams-blogs-uploads.s3.amazonaws.com\/blogs.dir\/7986\/files\/2025\/12\/image-4.png\" alt=\"\" class=\"wp-image-978\" srcset=\"https:\/\/osu-wams-blogs-uploads.s3.amazonaws.com\/blogs.dir\/7986\/files\/2025\/12\/image-4.png 315w, https:\/\/osu-wams-blogs-uploads.s3.amazonaws.com\/blogs.dir\/7986\/files\/2025\/12\/image-4-300x248.png 300w\" sizes=\"auto, (max-width: 315px) 100vw, 315px\" \/><figcaption class=\"wp-element-caption\">Escucha mi voz <br \/>Por Warren Binford para Project Amplify<\/figcaption><\/figure>\n<\/figure>\n<\/div>\n<\/div>\n\n\n\n<p class=\"has-light-gray-background-color has-background has-large-font-size\"><strong>Acerca de nosotros<\/strong><\/p>\n\n\n\n<p class=\"has-small-font-size\" style=\"font-style:normal;font-weight:500\">El <a href=\"https:\/\/health.oregonstate.edu\/opec\">Colaborativo de educaci\u00f3n para padres de Oregon<\/a> OPEC por sus siglas en ingl\u00e9s apoya una red estatal de \u201ccentros\u201d para padres que se esfuerzan por conectar a las familias con recursos y programas gratuitos para padres en las comunidades y en l\u00ednea para ayudar a los padres a ser los padres que quieren ser. Nuestros programas son para todas las familias y nos esforzamos por construir una comunidad al mismo tiempo que honramos a cada familia por sus valores, identidades, idioma materno, cultura y experiencias vividas.<\/p>\n\n\n\n<p style=\"font-style:normal;font-weight:400\">OPEC es una asociaci\u00f3n entre cuatro de las fundaciones m\u00e1s grandes de Oregon (<a href=\"https:\/\/oregoncf.org\/\">The Oregon Community Foundation<\/a>, <a href=\"https:\/\/www.tfff.org\/\">The Ford Family Foundation<\/a>, <a href=\"https:\/\/mmt.org\/\">Meyer Memorial Trust<\/a> and <a href=\"https:\/\/www.collinsfoundation.org\/\">The Collins Foundation<\/a>) and <a href=\"https:\/\/oregonstate.edu\/\">Oregon State University<\/a> OSU &nbsp;(la Universidad Estatal de Oregon (OSU). Adem\u00e1s de la financiaci\u00f3n, OPEC apoya a los beneficiarios a trav\u00e9s de la evaluaci\u00f3n, la asistencia t\u00e9cnica y el desarrollo profesional dirigido por profesores y personal de OSU.<br \/><\/p>\n\n\n\n<figure class=\"wp-block-image size-full\"><img loading=\"lazy\" decoding=\"async\" width=\"800\" height=\"1200\" src=\"https:\/\/osu-wams-blogs-uploads.s3.amazonaws.com\/blogs.dir\/7986\/files\/2025\/08\/ES-1.png\" alt=\"\" class=\"wp-image-843\" srcset=\"https:\/\/osu-wams-blogs-uploads.s3.amazonaws.com\/blogs.dir\/7986\/files\/2025\/08\/ES-1.png 800w, https:\/\/osu-wams-blogs-uploads.s3.amazonaws.com\/blogs.dir\/7986\/files\/2025\/08\/ES-1-200x300.png 200w, https:\/\/osu-wams-blogs-uploads.s3.amazonaws.com\/blogs.dir\/7986\/files\/2025\/08\/ES-1-683x1024.png 683w, https:\/\/osu-wams-blogs-uploads.s3.amazonaws.com\/blogs.dir\/7986\/files\/2025\/08\/ES-1-768x1152.png 768w\" sizes=\"auto, (max-width: 800px) 100vw, 800px\" \/><\/figure>\n\n\n\n<div class=\"wp-block-buttons is-layout-flex wp-block-buttons-is-layout-flex\">\n<div class=\"wp-block-button has-custom-width wp-block-button__width-100 is-style-fill\"><a class=\"wp-block-button__link has-small-font-size has-custom-font-size wp-element-button\" href=\"https:\/\/health.oregonstate.edu\/opec\" style=\"border-radius:58px\">Para obtener m\u00e1s informaci\u00f3n, visite el sitio de Colaborativo de educaci\u00f3n para padres de Oregon disponible en ingl\u00e9s.<\/a><\/div>\n<\/div>\n\n\n\n<blockquote class=\"wp-block-quote is-style-default has-small-font-size is-layout-flow wp-block-quote-is-layout-flow\">\n<p class=\"has-light-gray-background-color has-background has-small-font-size\" style=\"font-style:normal;font-weight:400\">Las opiniones y puntos de vista expresados \u200b\u200ben OPEC en espa\u00f1ol blog del Colaborativo de educaci\u00f3n para padres de Oregon (OPEC por sus siglas en ingl\u00e9s) son de los autores y no reflejan necesariamente la pol\u00edtica o la posici\u00f3n oficial de la Universidad Estatal de Oregon, el estado de Oregon y sus agencias, o los socios de la fundaci\u00f3n.<\/p>\n<\/blockquote>\n\n\n\n<hr class=\"wp-block-separator has-alpha-channel-opacity\" \/>\n\n\n\n<p class=\"has-black-color has-light-gray-background-color has-text-color has-background has-link-color has-small-font-size wp-elements-5c7731d47cf4d6e4293b7e1fe76dd8ec\" style=\"font-style:normal;font-weight:400\"><strong>Colaborativo de educaci\u00f3n para padres de Oregon (OPEC por sus siglas en ingl\u00e9s)&nbsp;<\/strong><\/p>\n\n\n\n<p class=\"has-light-gray-background-color has-background has-small-font-size\" style=\"font-style:normal;font-weight:400\">La <strong>misi\u00f3n <\/strong>de OPEC es apoyar la entrega de programas de educaci\u00f3n para padres de alta calidad, basados en evidencia y culturalmente adaptados. Adem\u00e1s, OPEC apoya los esfuerzos colaborativos para fortalecer los sistemas regionales de educaci\u00f3n para padres a trav\u00e9s de la coordinaci\u00f3n y planificaci\u00f3n.<\/p>\n\n\n\n<p class=\"has-light-gray-background-color has-background has-small-font-size\" style=\"font-style:normal;font-weight:400\"><strong>Visi\u00f3n:<\/strong> En Oregon (y en el condado de Siskiyou, CA), todos los padres tendr\u00e1n acceso a programas de educaci\u00f3n para padres de alta calidad que los apoyen en su rol fundamental como los primeros y m\u00e1s importantes maestros de sus hijos. Todas las comunidades de Oregon estar\u00e1n respaldadas por una red de programas de educaci\u00f3n para padres fuertes y un &#8220;Hub&#8221; regional de educaci\u00f3n para padres. Oregon ser\u00e1 un l\u00edder nacional en la profesionalizaci\u00f3n y normalizaci\u00f3n de la educaci\u00f3n para padres.<\/p>\n\n\n\n<p class=\"has-small-font-size\" style=\"font-style:normal;font-weight:400\">En 2024, OPEC ampl\u00eda su compromiso para brindar apoyo a organizaciones comunitarias y profesionales que trabajan espec\u00edficamente con familias y comunidades de habla hispana, asegurando que todos los servicios ofrecidos sean accesibles y relevantes para nuestra comunidad hispanohablante.<\/p>\n\n\n\n<p class=\"has-small-font-size\" style=\"font-style:normal;font-weight:400\"><strong>OPEC en espa\u00f1ol<\/strong> tiene como objetivo crear oportunidades de colaboraci\u00f3n y proporcionar recursos de apoyo junto a nuestras organizaciones asociadas, centros de OPEC y educadores de padres y familias, para fortalecer el trabajo con la comunidad hispanohablante. Nuestro objetivo es garantizar que, sin importar el idioma o las diferencias culturales, todas las familias reciban los mismos recursos y atenci\u00f3n, promoviendo un ambiente de respeto, inclusi\u00f3n y crecimiento compartido.<\/p>\n\n\n\n<p class=\"has-light-gray-background-color has-background has-small-font-size\" style=\"font-style:normal;font-weight:400\"><strong>Expandir el Acceso a la Educaci\u00f3n para Padres y Familias<\/strong><\/p>\n\n\n\n<p class=\"has-small-font-size\" style=\"font-style:normal;font-weight:400\">Nuestra meta es expandir las iniciativas de educaci\u00f3n para padres y familias a nivel estatal, promoviendo relaciones s\u00f3lidas, comunicaci\u00f3n abierta y apoyo mutuo entre todas las familias. Queremos crear recursos que sean cultural y ling\u00fc\u00edsticamente espec\u00edficos, asegurando que los lideres y educadores de padres y familias y las organizaciones que sirven a las comunidades hispanohablantes en Oregon y el condado de Siskiyou California,&nbsp; puedan acceder a herramientas que respondan directamente a sus necesidades. Al mismo tiempo, buscamos respetar su diversidad, fortalecer su participaci\u00f3n activa y asegurar que todos se sientan incluidos y apoyados.<\/p>\n\n\n\n<p class=\"has-light-gray-background-color has-background has-small-font-size\" style=\"font-style:normal;font-weight:400\"><strong>\u00bfPor qu\u00e9 OPEC en espa\u00f1ol?<\/strong><\/p>\n\n\n\n<p class=\"has-small-font-size\" style=\"font-style:normal;font-weight:400\">Aplicamos el t\u00e9rmino OPEC en espa\u00f1ol para referirnos a la comunidad hispanohablante porque refleja de manera inclusiva y respetuosa la diversidad cultural y geogr\u00e1fica de las personas que comparten el idioma espa\u00f1ol. Este t\u00e9rmino no solo subraya lo que nos une, el idioma, sino que tambi\u00e9n celebra la riqueza de las diversas tradiciones, historias y experiencias que conforman nuestras comunidades, abarcando tanto a los pa\u00edses de Latinoam\u00e9rica como a Espa\u00f1a. Adem\u00e1s, reconoce a los l\u00edderes, participantes y miembros que, aunque no tengan el espa\u00f1ol como lengua materna, desempe\u00f1an un papel crucial en el apoyo a las comunidades hispanohablantes y participan activamente en nuestros espacios, talleres, eventos y programas, en colaboraci\u00f3n con los centros de OPEC. Al seleccionar OPEC en espa\u00f1ol, buscamos reconocer que, aunque compartimos un idioma com\u00fan, cada comunidad e individuo tiene una identidad, un contexto y necesidades \u00fanicas, lo que nos permite adaptar nuestras iniciativas de manera respetuosa y ajustada a las particularidades de cada grupo. De esta manera, nos aseguramos de crear un espacio accesible, inclusivo y representativo para todos los miembros de nuestra comunidad.<\/p>\n\n\n\n<p class=\"has-light-gray-background-color has-background has-small-font-size\"><strong>Objetivos<\/strong><\/p>\n\n\n\n<ol class=\"wp-block-list\">\n<li class=\"has-small-font-size\" style=\"font-style:normal;font-weight:400\">Fomentar la colaboraci\u00f3n y el fortalecimiento de redes entre organizaciones comunitarias, centros de OPEC y educadores de padres y familias, creando espacios de aprendizaje comunitario Conecta y Aprende. Estos espacios promover\u00e1n un intercambio enriquecedor de conocimientos, experiencias y recursos, generando un apoyo mutuo efectivo para el desarrollo personal y profesional de los l\u00edderes que apoyan a padres y familias en sus comunidades.&nbsp;<\/li>\n\n\n\n<li style=\"font-style:normal;font-weight:400\">Identificar y priorizar las necesidades culturales y ling\u00fc\u00edsticas de las familias hispanohablantes a trav\u00e9s de recursos, tales como; OPEC en espa\u00f1ol podcast y el bolet\u00edn informativo. Estos recursos ofrecer\u00e1n informaci\u00f3n relevante, accesible y adaptada a las realidades de nuestra comunidad hispanohablante, dando acceso a que cada contenido llegue a quienes m\u00e1s lo necesitan.<\/li>\n\n\n\n<li style=\"font-style:normal;font-weight:400\">Desarrollar y coordinar recursos estrat\u00e9gicos que aborden directamente las necesidades detectadas, brindando formaci\u00f3n pr\u00e1ctica y capacitaci\u00f3n continua. A trav\u00e9s de la comunidad de aprendizaje de Conecta y Aprende, OPEC en espa\u00f1ol podcast y el bolet\u00edn informativo, ofreceremos contenido valioso que potencie el bienestar de las familias y la capacidad de los educadores para enfrentar los desaf\u00edos cotidianos, todo desde una perspectiva culturalmente sensible y cercana.<\/li>\n<\/ol>\n\n\n\n<p class=\"has-light-gray-background-color has-background has-small-font-size\"><strong>Proyectos de OPEC en espa\u00f1ol: Conectando y apoyando a nuestra comunidad<\/strong><\/p>\n\n\n\n<p class=\"has-small-font-size\" style=\"font-style:normal;font-weight:400\">En OPEC en espa\u00f1ol, trabajamos con el prop\u00f3sito de fortalecer las conexiones dentro de nuestra comunidad hispanohablante a trav\u00e9s de una serie de proyectos dise\u00f1ados para brindar apoyo a padres, familias y l\u00edderes comunitarios. Nuestro objetivo es proporcionar recursos valiosos, fomentar el liderazgo y promover el intercambio de conocimientos, siempre tomando en cuenta las sugerencias y necesidades de los participantes para garantizar que nuestras acciones sean relevantes y efectivas.<\/p>\n\n\n\n<p class=\"has-light-gray-background-color has-background has-small-font-size\" style=\"font-style:normal;font-weight:400\"><strong>En OPEC en espa\u00f1ol Podcast: &#8220;Charlas Sinceras&#8221; <\/strong><\/p>\n\n\n\n<p class=\"has-small-font-size\" style=\"font-style:normal;font-weight:400\">Un Espacio de Aprendizaje Compartido: es un espacio colaborativo donde profesionales, l\u00edderes comunitarios, especialistas en educaci\u00f3n temprana, educaci\u00f3n para padres, entre otros se unen al equipo de OPEC en espa\u00f1ol para compartir ideas, experiencias y conocimientos. En cada episodio, abordamos temas que son importantes para nuestra comunidad, bas\u00e1ndonos en las sugerencias y comentarios que recibimos de nuestra audiencia. A trav\u00e9s de este intercambio continuo, nos aseguramos de que los temas tratados sean de inter\u00e9s y utilidad, ofreciendo informaci\u00f3n pr\u00e1ctica que fomente el aprendizaje y el apoyo mutuo.<\/p>\n\n\n\n<p class=\"has-light-gray-background-color has-background\" style=\"font-style:normal;font-weight:400\"><strong>Conecta y Aprende: <\/strong>Fortaleciendo el Liderazgo Comunitario<\/p>\n\n\n\n<p style=\"font-style:normal;font-weight:400\">Conectar y Aprender es una comunidad de aprendizaje que promueve el liderazgo y la participaci\u00f3n activa de todos los miembros. Este espacio est\u00e1 abierto a l\u00edderes, educadores y facilitadores de nuestra red, as\u00ed como a l\u00edderes comunitarios que trabajan con padres. Dirigido por el personal de OPEC en espa\u00f1ol, el grupo ofrece acceso a diversas formas de aprendizaje, como clubes de lectura, lecciones guiadas, materiales educativos y recursos que facilitan las discusiones grupales. En este espacio, las sugerencias de los participantes juegan un papel fundamental, ya que nos permiten ajustar los temas y recursos de manera que respondan a las necesidades e intereses reales de la comunidad. A trav\u00e9s de la colaboraci\u00f3n y el intercambio de experiencias, buscamos fortalecer las capacidades de liderazgo y apoyo a las familias.<\/p>\n\n\n\n<p class=\"has-light-gray-background-color has-background has-small-font-size\" style=\"font-style:normal;font-weight:400\"><strong>Asistencia t\u00e9cnica y apoyo personalizado: acompa\u00f1ando el crecimiento de los l\u00edderes<\/strong><\/p>\n\n\n\n<p class=\"has-small-font-size\" style=\"font-style:normal;font-weight:400\">El equipo de OPEC en espa\u00f1ol est\u00e1 disponible para ofrecer apoyo personalizado a l\u00edderes de padres y familias, l\u00edderes comunitarios y educadores que trabajan directamente con grupos de padres. A trav\u00e9s de sesiones de coaching y mentor\u00eda, proporcionamos orientaci\u00f3n y herramientas pr\u00e1cticas, siempre considerando las necesidades espec\u00edficas de cada l\u00edder. Las sugerencias de los participantes son clave para orientar nuestras intervenciones, asegurando que el apoyo brindado sea relevante y efectivo para el crecimiento personal y profesional de cada individuo.<\/p>\n\n\n\n<h1 class=\"wp-block-heading has-light-gray-background-color has-background has-x-large-font-size\">Cont\u00e1ctanos <\/h1>\n\n\n\n<div class=\"wp-block-columns is-layout-flex wp-container-core-columns-is-layout-9d6595d7 wp-block-columns-is-layout-flex\">\n<div class=\"wp-block-column is-vertically-aligned-center is-layout-flow wp-block-column-is-layout-flow\">\n<figure class=\"wp-block-image size-large is-resized\"><img loading=\"lazy\" decoding=\"async\" width=\"1024\" height=\"1024\" src=\"https:\/\/osu-wams-blogs-uploads.s3.amazonaws.com\/blogs.dir\/7986\/files\/2025\/08\/Amanda-1024x1024.png\" alt=\"\" class=\"wp-image-837\" style=\"width:144px;height:auto\" srcset=\"https:\/\/osu-wams-blogs-uploads.s3.amazonaws.com\/blogs.dir\/7986\/files\/2025\/08\/Amanda-1024x1024.png 1024w, https:\/\/osu-wams-blogs-uploads.s3.amazonaws.com\/blogs.dir\/7986\/files\/2025\/08\/Amanda-300x300.png 300w, https:\/\/osu-wams-blogs-uploads.s3.amazonaws.com\/blogs.dir\/7986\/files\/2025\/08\/Amanda-150x150.png 150w, https:\/\/osu-wams-blogs-uploads.s3.amazonaws.com\/blogs.dir\/7986\/files\/2025\/08\/Amanda-768x768.png 768w, https:\/\/osu-wams-blogs-uploads.s3.amazonaws.com\/blogs.dir\/7986\/files\/2025\/08\/Amanda.png 1181w\" sizes=\"auto, (max-width: 1024px) 100vw, 1024px\" \/><\/figure>\n\n\n\n<div class=\"wp-block-columns is-layout-flex wp-container-core-columns-is-layout-9d6595d7 wp-block-columns-is-layout-flex\">\n<div class=\"wp-block-column has-black-color has-text-color has-link-color wp-elements-8fe6cf8d50d701d62944d08e519d12b4 is-layout-flow wp-block-column-is-layout-flow\">\n<p class=\"has-white-background-color has-background\"><strong>Amanda Casian<\/strong> <br \/>Coordinadora Biling\u00fce de Liderazgo de Padres y Familias.<br \/><strong>Contacto para:<\/strong> Proyecto y eventos de Liderazgo de Padres y Familias; OPEC en espa\u00f1ol<br \/><a href=\"mailto:Amanda.Casian@oregonstate.edu\">Amanda.Casian@oregonstate.edu<\/a><\/p>\n<\/div>\n<\/div>\n<\/div>\n\n\n\n<div class=\"wp-block-column is-layout-flow wp-block-column-is-layout-flow\">\n<figure class=\"wp-block-image size-large is-resized\"><img loading=\"lazy\" decoding=\"async\" width=\"1024\" height=\"1024\" src=\"https:\/\/osu-wams-blogs-uploads.s3.amazonaws.com\/blogs.dir\/7986\/files\/2025\/08\/Brenda-1024x1024.png\" alt=\"\" class=\"wp-image-838\" style=\"width:139px;height:auto\" srcset=\"https:\/\/osu-wams-blogs-uploads.s3.amazonaws.com\/blogs.dir\/7986\/files\/2025\/08\/Brenda-1024x1024.png 1024w, https:\/\/osu-wams-blogs-uploads.s3.amazonaws.com\/blogs.dir\/7986\/files\/2025\/08\/Brenda-300x300.png 300w, https:\/\/osu-wams-blogs-uploads.s3.amazonaws.com\/blogs.dir\/7986\/files\/2025\/08\/Brenda-150x150.png 150w, https:\/\/osu-wams-blogs-uploads.s3.amazonaws.com\/blogs.dir\/7986\/files\/2025\/08\/Brenda-768x768.png 768w, https:\/\/osu-wams-blogs-uploads.s3.amazonaws.com\/blogs.dir\/7986\/files\/2025\/08\/Brenda.png 1181w\" sizes=\"auto, (max-width: 1024px) 100vw, 1024px\" \/><\/figure>\n\n\n\n<p class=\"has-black-color has-white-background-color has-text-color has-background has-link-color wp-elements-90cd9b5fe73ae05628e18ed796de3a74\"><strong>Brenda Ulloa Walker<\/strong><br \/>Coordinadora Biling\u00fce de Liderazgo de Padres y Familias<br \/><strong>Contacto para:<\/strong> Proyecto y eventos de Liderazgo de Padres y Familias, OPEC en espa\u00f1ol<br \/><a href=\"mailto:Brenda.Ulloa@oregonstate.edu\">Brenda.Ulloa@oregonstate.edu<\/a><\/p>\n<\/div>\n<\/div>\n\n\n\n<div class=\"wp-block-group\"><div class=\"wp-block-group__inner-container is-layout-constrained wp-block-group-is-layout-constrained\">\n<div class=\"wp-block-buttons is-layout-flex wp-block-buttons-is-layout-flex\">\n<div class=\"wp-block-button has-custom-width wp-block-button__width-100 is-style-outline is-style-outline--2\"><a class=\"wp-block-button__link has-white-color has-black-background-color has-text-color has-background has-link-color has-medium-font-size has-custom-font-size wp-element-button\" href=\"https:\/\/health.oregonstate.edu\/opec\/about\/team\">Para obtener m\u00e1s informaci\u00f3n de contacto por favor consultar en equipo de OSU de OPEC. (Disponible en ingl\u00e9s)\u00a0\u00a0<\/a><\/div>\n<\/div>\n\n\n\n<div class=\"wp-block-buttons is-layout-flex wp-block-buttons-is-layout-flex\">\n<div class=\"wp-block-button has-custom-width wp-block-button__width-100\"><a class=\"wp-block-button__link has-medium-gray-color has-light-gray-background-color has-text-color has-background has-link-color has-small-font-size has-custom-font-size wp-element-button\" href=\"https:\/\/health.oregonstate.edu\/opec\/about\/team\">OSU-OPEC Team | Oregon Parenting Education Collaborative | College of Health | Oregon State University<\/a><\/div>\n<\/div>\n\n\n<div class=\"wp-block-post-date__modified-date wp-block-post-date\"><time datetime=\"2026-03-10T15:56:22-07:00\">10\/03\/2026<\/time><\/div><\/div><\/div>\n\n\n\n<p><\/p>\n","protected":false},"excerpt":{"rendered":"<p>Un mensaje de apoyo y solidaridad para los educadores de padres y las familias en torno a las preocupaciones relacionadas con la inmigraci\u00f3n. Estimada comunidad: Queremos comenzar envi\u00e1ndoles un cordial saludo y reconociendo, con profundo inter\u00e9s, que muchas familias en &hellip; <a href=\"https:\/\/blogs.oregonstate.edu\/opecenespanol\/\">Continue reading <span class=\"meta-nav\">&rarr;<\/span><\/a><\/p>\n","protected":false},"author":14320,"featured_media":815,"parent":0,"menu_order":0,"comment_status":"closed","ping_status":"closed","template":"showcase.php","meta":{"footnotes":""},"class_list":["post-612","page","type-page","status-publish","has-post-thumbnail","hentry"],"yoast_head":"<!-- This site is optimized with the Yoast SEO plugin v27.4 - https:\/\/yoast.com\/product\/yoast-seo-wordpress\/ -->\n<title>OPEC en espa\u00f1ol - OPEC<\/title>\n<meta name=\"robots\" content=\"index, follow, max-snippet:-1, max-image-preview:large, max-video-preview:-1\" \/>\n<link rel=\"canonical\" href=\"https:\/\/blogs.oregonstate.edu\/opecenespanol\/\" \/>\n<meta property=\"og:locale\" content=\"en_US\" \/>\n<meta property=\"og:type\" content=\"article\" \/>\n<meta property=\"og:title\" content=\"OPEC en espa\u00f1ol - OPEC\" \/>\n<meta property=\"og:description\" content=\"Un mensaje de apoyo y solidaridad para los educadores de padres y las familias en torno a las preocupaciones relacionadas con la inmigraci\u00f3n. Estimada comunidad: Queremos comenzar envi\u00e1ndoles un cordial saludo y reconociendo, con profundo inter\u00e9s, que muchas familias en &hellip; Continue reading &rarr;\" \/>\n<meta property=\"og:url\" content=\"https:\/\/blogs.oregonstate.edu\/opecenespanol\/\" \/>\n<meta property=\"og:site_name\" content=\"OPEC\" \/>\n<meta property=\"article:publisher\" content=\"https:\/\/www.facebook.com\/OPECParentingEd\/about\/\" \/>\n<meta property=\"article:modified_time\" content=\"2026-03-10T22:56:22+00:00\" \/>\n<meta property=\"og:image\" content=\"https:\/\/osu-wams-blogs-uploads.s3.amazonaws.com\/blogs.dir\/7986\/files\/2025\/08\/Boletin-o-Talleres-y-eventos-1.png\" \/>\n\t<meta property=\"og:image:width\" content=\"1920\" \/>\n\t<meta property=\"og:image:height\" content=\"480\" \/>\n\t<meta property=\"og:image:type\" content=\"image\/png\" \/>\n<meta name=\"twitter:card\" content=\"summary_large_image\" \/>\n<meta name=\"twitter:label1\" content=\"Est. reading time\" \/>\n\t<meta name=\"twitter:data1\" content=\"10 minutes\" \/>\n<script type=\"application\/ld+json\" class=\"yoast-schema-graph\">{\"@context\":\"https:\\\/\\\/schema.org\",\"@graph\":[{\"@type\":\"WebPage\",\"@id\":\"https:\\\/\\\/blogs.oregonstate.edu\\\/opecenespanol\\\/\",\"url\":\"https:\\\/\\\/blogs.oregonstate.edu\\\/opecenespanol\\\/\",\"name\":\"OPEC en espa\u00f1ol - OPEC\",\"isPartOf\":{\"@id\":\"https:\\\/\\\/blogs.oregonstate.edu\\\/opecenespanol\\\/#website\"},\"primaryImageOfPage\":{\"@id\":\"https:\\\/\\\/blogs.oregonstate.edu\\\/opecenespanol\\\/#primaryimage\"},\"image\":{\"@id\":\"https:\\\/\\\/blogs.oregonstate.edu\\\/opecenespanol\\\/#primaryimage\"},\"thumbnailUrl\":\"https:\\\/\\\/osu-wams-blogs-uploads.s3.amazonaws.com\\\/blogs.dir\\\/7986\\\/files\\\/2025\\\/08\\\/Boletin-o-Talleres-y-eventos-1.png\",\"datePublished\":\"2025-08-07T21:46:08+00:00\",\"dateModified\":\"2026-03-10T22:56:22+00:00\",\"breadcrumb\":{\"@id\":\"https:\\\/\\\/blogs.oregonstate.edu\\\/opecenespanol\\\/#breadcrumb\"},\"inLanguage\":\"en-US\",\"potentialAction\":[{\"@type\":\"ReadAction\",\"target\":[\"https:\\\/\\\/blogs.oregonstate.edu\\\/opecenespanol\\\/\"]}]},{\"@type\":\"ImageObject\",\"inLanguage\":\"en-US\",\"@id\":\"https:\\\/\\\/blogs.oregonstate.edu\\\/opecenespanol\\\/#primaryimage\",\"url\":\"https:\\\/\\\/osu-wams-blogs-uploads.s3.amazonaws.com\\\/blogs.dir\\\/7986\\\/files\\\/2025\\\/08\\\/Boletin-o-Talleres-y-eventos-1.png\",\"contentUrl\":\"https:\\\/\\\/osu-wams-blogs-uploads.s3.amazonaws.com\\\/blogs.dir\\\/7986\\\/files\\\/2025\\\/08\\\/Boletin-o-Talleres-y-eventos-1.png\",\"width\":1920,\"height\":480},{\"@type\":\"BreadcrumbList\",\"@id\":\"https:\\\/\\\/blogs.oregonstate.edu\\\/opecenespanol\\\/#breadcrumb\",\"itemListElement\":[{\"@type\":\"ListItem\",\"position\":1,\"name\":\"Home\",\"item\":\"https:\\\/\\\/blogs.oregonstate.edu\\\/opecenespanol\\\/\"},{\"@type\":\"ListItem\",\"position\":2,\"name\":\"OPEC en espa\u00f1ol\"}]},{\"@type\":\"WebSite\",\"@id\":\"https:\\\/\\\/blogs.oregonstate.edu\\\/opecenespanol\\\/#website\",\"url\":\"https:\\\/\\\/blogs.oregonstate.edu\\\/opecenespanol\\\/\",\"name\":\"OPEC\",\"description\":\"Colaborativo de educaci\u00f3n para padres de Oregon (OPEC por sus siglas en ingl\u00e9s) \",\"publisher\":{\"@id\":\"https:\\\/\\\/blogs.oregonstate.edu\\\/opecenespanol\\\/#organization\"},\"potentialAction\":[{\"@type\":\"SearchAction\",\"target\":{\"@type\":\"EntryPoint\",\"urlTemplate\":\"https:\\\/\\\/blogs.oregonstate.edu\\\/opecenespanol\\\/?s={search_term_string}\"},\"query-input\":{\"@type\":\"PropertyValueSpecification\",\"valueRequired\":true,\"valueName\":\"search_term_string\"}}],\"inLanguage\":\"en-US\"},{\"@type\":\"Organization\",\"@id\":\"https:\\\/\\\/blogs.oregonstate.edu\\\/opecenespanol\\\/#organization\",\"name\":\"OPEC\",\"url\":\"https:\\\/\\\/blogs.oregonstate.edu\\\/opecenespanol\\\/\",\"logo\":{\"@type\":\"ImageObject\",\"inLanguage\":\"en-US\",\"@id\":\"https:\\\/\\\/blogs.oregonstate.edu\\\/opecenespanol\\\/#\\\/schema\\\/logo\\\/image\\\/\",\"url\":\"https:\\\/\\\/osu-wams-blogs-uploads.s3.amazonaws.com\\\/blogs.dir\\\/7986\\\/files\\\/2024\\\/09\\\/OPEC-Horizontal-BW-1.png\",\"contentUrl\":\"https:\\\/\\\/osu-wams-blogs-uploads.s3.amazonaws.com\\\/blogs.dir\\\/7986\\\/files\\\/2024\\\/09\\\/OPEC-Horizontal-BW-1.png\",\"width\":838,\"height\":332,\"caption\":\"OPEC\"},\"image\":{\"@id\":\"https:\\\/\\\/blogs.oregonstate.edu\\\/opecenespanol\\\/#\\\/schema\\\/logo\\\/image\\\/\"},\"sameAs\":[\"https:\\\/\\\/www.facebook.com\\\/OPECParentingEd\\\/about\\\/\"]}]}<\/script>\n<!-- \/ Yoast SEO plugin. -->","yoast_head_json":{"title":"OPEC en espa\u00f1ol - OPEC","robots":{"index":"index","follow":"follow","max-snippet":"max-snippet:-1","max-image-preview":"max-image-preview:large","max-video-preview":"max-video-preview:-1"},"canonical":"https:\/\/blogs.oregonstate.edu\/opecenespanol\/","og_locale":"en_US","og_type":"article","og_title":"OPEC en espa\u00f1ol - OPEC","og_description":"Un mensaje de apoyo y solidaridad para los educadores de padres y las familias en torno a las preocupaciones relacionadas con la inmigraci\u00f3n. Estimada comunidad: Queremos comenzar envi\u00e1ndoles un cordial saludo y reconociendo, con profundo inter\u00e9s, que muchas familias en &hellip; Continue reading &rarr;","og_url":"https:\/\/blogs.oregonstate.edu\/opecenespanol\/","og_site_name":"OPEC","article_publisher":"https:\/\/www.facebook.com\/OPECParentingEd\/about\/","article_modified_time":"2026-03-10T22:56:22+00:00","og_image":[{"width":1920,"height":480,"url":"https:\/\/osu-wams-blogs-uploads.s3.amazonaws.com\/blogs.dir\/7986\/files\/2025\/08\/Boletin-o-Talleres-y-eventos-1.png","type":"image\/png"}],"twitter_card":"summary_large_image","twitter_misc":{"Est. reading time":"10 minutes"},"schema":{"@context":"https:\/\/schema.org","@graph":[{"@type":"WebPage","@id":"https:\/\/blogs.oregonstate.edu\/opecenespanol\/","url":"https:\/\/blogs.oregonstate.edu\/opecenespanol\/","name":"OPEC en espa\u00f1ol - OPEC","isPartOf":{"@id":"https:\/\/blogs.oregonstate.edu\/opecenespanol\/#website"},"primaryImageOfPage":{"@id":"https:\/\/blogs.oregonstate.edu\/opecenespanol\/#primaryimage"},"image":{"@id":"https:\/\/blogs.oregonstate.edu\/opecenespanol\/#primaryimage"},"thumbnailUrl":"https:\/\/osu-wams-blogs-uploads.s3.amazonaws.com\/blogs.dir\/7986\/files\/2025\/08\/Boletin-o-Talleres-y-eventos-1.png","datePublished":"2025-08-07T21:46:08+00:00","dateModified":"2026-03-10T22:56:22+00:00","breadcrumb":{"@id":"https:\/\/blogs.oregonstate.edu\/opecenespanol\/#breadcrumb"},"inLanguage":"en-US","potentialAction":[{"@type":"ReadAction","target":["https:\/\/blogs.oregonstate.edu\/opecenespanol\/"]}]},{"@type":"ImageObject","inLanguage":"en-US","@id":"https:\/\/blogs.oregonstate.edu\/opecenespanol\/#primaryimage","url":"https:\/\/osu-wams-blogs-uploads.s3.amazonaws.com\/blogs.dir\/7986\/files\/2025\/08\/Boletin-o-Talleres-y-eventos-1.png","contentUrl":"https:\/\/osu-wams-blogs-uploads.s3.amazonaws.com\/blogs.dir\/7986\/files\/2025\/08\/Boletin-o-Talleres-y-eventos-1.png","width":1920,"height":480},{"@type":"BreadcrumbList","@id":"https:\/\/blogs.oregonstate.edu\/opecenespanol\/#breadcrumb","itemListElement":[{"@type":"ListItem","position":1,"name":"Home","item":"https:\/\/blogs.oregonstate.edu\/opecenespanol\/"},{"@type":"ListItem","position":2,"name":"OPEC en espa\u00f1ol"}]},{"@type":"WebSite","@id":"https:\/\/blogs.oregonstate.edu\/opecenespanol\/#website","url":"https:\/\/blogs.oregonstate.edu\/opecenespanol\/","name":"OPEC","description":"Colaborativo de educaci\u00f3n para padres de Oregon (OPEC por sus siglas en ingl\u00e9s) ","publisher":{"@id":"https:\/\/blogs.oregonstate.edu\/opecenespanol\/#organization"},"potentialAction":[{"@type":"SearchAction","target":{"@type":"EntryPoint","urlTemplate":"https:\/\/blogs.oregonstate.edu\/opecenespanol\/?s={search_term_string}"},"query-input":{"@type":"PropertyValueSpecification","valueRequired":true,"valueName":"search_term_string"}}],"inLanguage":"en-US"},{"@type":"Organization","@id":"https:\/\/blogs.oregonstate.edu\/opecenespanol\/#organization","name":"OPEC","url":"https:\/\/blogs.oregonstate.edu\/opecenespanol\/","logo":{"@type":"ImageObject","inLanguage":"en-US","@id":"https:\/\/blogs.oregonstate.edu\/opecenespanol\/#\/schema\/logo\/image\/","url":"https:\/\/osu-wams-blogs-uploads.s3.amazonaws.com\/blogs.dir\/7986\/files\/2024\/09\/OPEC-Horizontal-BW-1.png","contentUrl":"https:\/\/osu-wams-blogs-uploads.s3.amazonaws.com\/blogs.dir\/7986\/files\/2024\/09\/OPEC-Horizontal-BW-1.png","width":838,"height":332,"caption":"OPEC"},"image":{"@id":"https:\/\/blogs.oregonstate.edu\/opecenespanol\/#\/schema\/logo\/image\/"},"sameAs":["https:\/\/www.facebook.com\/OPECParentingEd\/about\/"]}]}},"post_mailing_queue_ids":[],"_links":{"self":[{"href":"https:\/\/blogs.oregonstate.edu\/opecenespanol\/wp-json\/wp\/v2\/pages\/612","targetHints":{"allow":["GET"]}}],"collection":[{"href":"https:\/\/blogs.oregonstate.edu\/opecenespanol\/wp-json\/wp\/v2\/pages"}],"about":[{"href":"https:\/\/blogs.oregonstate.edu\/opecenespanol\/wp-json\/wp\/v2\/types\/page"}],"author":[{"embeddable":true,"href":"https:\/\/blogs.oregonstate.edu\/opecenespanol\/wp-json\/wp\/v2\/users\/14320"}],"replies":[{"embeddable":true,"href":"https:\/\/blogs.oregonstate.edu\/opecenespanol\/wp-json\/wp\/v2\/comments?post=612"}],"version-history":[{"count":5,"href":"https:\/\/blogs.oregonstate.edu\/opecenespanol\/wp-json\/wp\/v2\/pages\/612\/revisions"}],"predecessor-version":[{"id":1070,"href":"https:\/\/blogs.oregonstate.edu\/opecenespanol\/wp-json\/wp\/v2\/pages\/612\/revisions\/1070"}],"wp:featuredmedia":[{"embeddable":true,"href":"https:\/\/blogs.oregonstate.edu\/opecenespanol\/wp-json\/wp\/v2\/media\/815"}],"wp:attachment":[{"href":"https:\/\/blogs.oregonstate.edu\/opecenespanol\/wp-json\/wp\/v2\/media?parent=612"}],"curies":[{"name":"wp","href":"https:\/\/api.w.org\/{rel}","templated":true}]}}